{"id":211,"date":"2023-04-17T13:19:04","date_gmt":"2023-04-17T16:19:04","guid":{"rendered":"https:\/\/regens.com.br\/?page_id=211"},"modified":"2023-04-17T15:18:08","modified_gmt":"2023-04-17T18:18:08","slug":"servicos","status":"publish","type":"page","link":"https:\/\/regens.com.br\/?page_id=211","title":{"rendered":"Servi\u00e7os"},"content":{"rendered":"\n<p class=\"has-text-align-center has-vivid-cyan-blue-color has-text-color has-large-font-size\"><strong>CONSULTORIA ESTRAT\u00c9GICA<\/strong><\/p>\n\n\n<div class=\"wp-block-image\">\n<figure class=\"aligncenter size-full\"><img loading=\"lazy\" decoding=\"async\" width=\"301\" height=\"195\" src=\"https:\/\/regens.com.br\/wp-content\/uploads\/2023\/04\/1-consultoria-1-1.jpg\" alt=\"\" class=\"wp-image-248\"\/><\/figure><\/div>\n\n\n<p class=\"has-text-align-center has-medium-font-size\">Desenvolvimento e Aprimoramento de modelos estrat\u00e9gicos, ferramentas de gest\u00e3o e projetos de ganho de efici\u00eancia e sinergia, al\u00e9m e estudos de produtos e mercado.<\/p>\n\n\n\n<p class=\"has-text-align-center has-medium-font-size\">\u2022 Gest\u00e3o e Reporte de Desempenho de Neg\u00f3cios e Produtos.<\/p>\n\n\n\n<p class=\"has-text-align-center has-medium-font-size\">\u2022 Modelagem Financeira<\/p>\n\n\n\n<p class=\"has-text-align-center has-medium-font-size\">\u2022 Gest\u00e3o de Custos e An\u00e1lise de Lucratividade<\/p>\n\n\n\n<p class=\"has-text-align-center has-medium-font-size\">\u2022 Fechamento de Demonstra\u00e7\u00f5es Financeiras<\/p>\n\n\n\n<p class=\"has-text-align-center has-medium-font-size\">\u2022 Planejamento Estrat\u00e9gico<\/p>\n\n\n\n<p class=\"has-text-align-center has-medium-font-size\">\u2022 Plano de Neg\u00f3cios<\/p>\n\n\n\n<p class=\"has-text-align-center has-medium-font-size\">\u2022 Fus\u00f5es e Aquisi\u00e7\u00f5es<\/p>\n\n\n\n<p class=\"has-text-align-center has-medium-font-size\">\u2022 An\u00e1lise de Clientes e Canais<\/p>\n\n\n\n<p class=\"has-text-align-center has-medium-font-size\">\u2022 Otimiza\u00e7\u00e3o de Receita<\/p>\n\n\n\n<p class=\"has-text-align-center has-vivid-cyan-blue-color has-text-color has-large-font-size\"><strong>REESTRUTURA\u00c7\u00c3O<\/strong><\/p>\n\n\n<div class=\"wp-block-image\">\n<figure class=\"aligncenter size-full\"><img loading=\"lazy\" decoding=\"async\" width=\"284\" height=\"201\" src=\"https:\/\/regens.com.br\/wp-content\/uploads\/2023\/04\/2-Reestruturacao-1.jpg\" alt=\"\" class=\"wp-image-251\"\/><\/figure><\/div>\n\n\n<p class=\"has-medium-font-size\">Nosso processo de reestrutura\u00e7\u00e3o empresarial \u00e9 constru\u00eddo sob medida dependendo do momento da crise em que a empresa se encontra. Nossos S\u00f3cios sempre buscam sincronizar os recursos da empresa com as demandas apresentadas pelo mercado.<\/p>\n\n\n\n<p class=\"has-text-align-center has-medium-font-size\">\u2022 Gest\u00e3o Interina &#8211; Dire\u00e7\u00e3o da Empresa<\/p>\n\n\n\n<p class=\"has-text-align-center has-medium-font-size\">\u2022 Revis\u00e3o do Portf\u00f3lio de Produtos<\/p>\n\n\n\n<p class=\"has-text-align-center has-medium-font-size\">\u2022 Revis\u00e3o do Processo Produtivo<\/p>\n\n\n\n<p class=\"has-text-align-center has-medium-font-size\">\u2022 Gest\u00e3o do Fluxo de Caixa<\/p>\n\n\n\n<p class=\"has-text-align-center has-medium-font-size\">\u2022 Otimiza\u00e7\u00e3o da Estrutura Organizacional<\/p>\n\n\n\n<p class=\"has-text-align-center has-vivid-cyan-blue-color has-text-color has-large-font-size\"><strong>CAPTA\u00c7\u00c3O FINANCEIRA<\/strong><\/p>\n\n\n<div class=\"wp-block-image\">\n<figure class=\"aligncenter size-full\"><img loading=\"lazy\" decoding=\"async\" width=\"302\" height=\"190\" src=\"https:\/\/regens.com.br\/wp-content\/uploads\/2023\/04\/3-captacao-1.jpg\" alt=\"\" class=\"wp-image-252\" srcset=\"https:\/\/regens.com.br\/wp-content\/uploads\/2023\/04\/3-captacao-1.jpg 302w, https:\/\/regens.com.br\/wp-content\/uploads\/2023\/04\/3-captacao-1-300x189.jpg 300w\" sizes=\"(max-width: 302px) 100vw, 302px\" \/><\/figure><\/div>\n\n\n<p class=\"has-medium-font-size\">Elabora\u00e7\u00e3o de projetos para capta\u00e7\u00e3o de recursos e intermedia\u00e7\u00e3o junto \u00e0s institui\u00e7\u00f5es financeiras p\u00fablicas e privadas, bem como fundos de investimentos nacionais e internacionais.<\/p>\n\n\n\n<p class=\"has-text-align-center has-medium-font-size\">\u2022 Reestrutura\u00e7\u00e3o da D\u00edvida Banc\u00e1ria<\/p>\n\n\n\n<p class=\"has-text-align-center has-medium-font-size\">\u2022 Avalia\u00e7\u00e3o da estrutura de Capital<\/p>\n\n\n\n<p class=\"has-text-align-center has-medium-font-size\">\u2022 Redu\u00e7\u00e3o do Capital de Giro<\/p>\n\n\n\n<p class=\"has-text-align-center has-medium-font-size\">\u2022 Gest\u00e3o do Fluxo de Caixa<\/p>\n\n\n\n<p class=\"has-text-align-center has-medium-font-size\">\u2022 Melhoria da Gera\u00e7\u00e3o de Caixa<\/p>\n\n\n\n<p class=\"has-text-align-center has-medium-font-size\">\u2022 Capta\u00e7\u00e3o de Recursos Financeiros<\/p>\n\n\n\n<p class=\"has-text-align-center has-medium-font-size\">\u2022 Fus\u00f5es e Aquisi\u00e7\u00f5es<\/p>\n\n\n\n<p class=\"has-text-align-center has-vivid-cyan-blue-color has-text-color has-large-font-size\"><strong>ASSESSORIA JUR\u00cdDICA<\/strong><\/p>\n\n\n<div class=\"wp-block-image\">\n<figure class=\"aligncenter size-full\"><img loading=\"lazy\" decoding=\"async\" width=\"275\" height=\"208\" src=\"https:\/\/regens.com.br\/wp-content\/uploads\/2023\/04\/4-Assessoria-1.jpg\" alt=\"\" class=\"wp-image-253\"\/><\/figure><\/div>\n\n\n<p class=\"has-text-align-center has-medium-font-size\">Suporte para Negocia\u00e7\u00e3o com Credores Judiciais e\/ou RJ.<\/p>\n\n\n\n<p class=\"has-text-align-center has-medium-font-size\">\u2022 Assessoramento para Empresas em RJ.<\/p>\n\n\n\n<p class=\"has-text-align-center has-medium-font-size\">\u2022 Recupera\u00e7\u00e3o Judicial e Extrajudicial.<\/p>\n\n\n\n<p class=\"has-text-align-center has-medium-font-size\">\u2022 Estrutura\u00e7\u00e3o e Homologa\u00e7\u00e3o Plano RJ.<\/p>\n\n\n\n<p class=\"has-text-align-center has-medium-font-size\">\u2022 Jur\u00eddico Especializado em Insolv\u00eancia Empresarial.<\/p>\n\n\n\n<p class=\"has-text-align-center has-vivid-cyan-blue-color has-text-color has-large-font-size\"><strong>Reestrutura\u00e7\u00e3o + Credibilidade + Confian\u00e7a = RESULTADO<\/strong><\/p>\n","protected":false},"excerpt":{"rendered":"<p>CONSULTORIA ESTRAT\u00c9GICA Desenvolvimento e Aprimoramento de modelos estrat\u00e9gicos, ferramentas de gest\u00e3o e projetos de ganho de efici\u00eancia e sinergia, al\u00e9m e estudos de produtos e mercado. \u2022 Gest\u00e3o e Reporte de Desempenho de Neg\u00f3cios e Produtos. \u2022 Modelagem Financeira \u2022 Gest\u00e3o de Custos e An\u00e1lise de Lucratividade \u2022 Fechamento de Demonstra\u00e7\u00f5es Financeiras \u2022 Planejamento Estrat\u00e9gico [&hellip;]<\/p>\n","protected":false},"author":1,"featured_media":0,"parent":0,"menu_order":0,"comment_status":"closed","ping_status":"closed","template":"","meta":{"footnotes":""},"_links":{"self":[{"href":"https:\/\/regens.com.br\/index.php?rest_route=\/wp\/v2\/pages\/211"}],"collection":[{"href":"https:\/\/regens.com.br\/index.php?rest_route=\/wp\/v2\/pages"}],"about":[{"href":"https:\/\/regens.com.br\/index.php?rest_route=\/wp\/v2\/types\/page"}],"author":[{"embeddable":true,"href":"https:\/\/regens.com.br\/index.php?rest_route=\/wp\/v2\/users\/1"}],"replies":[{"embeddable":true,"href":"https:\/\/regens.com.br\/index.php?rest_route=%2Fwp%2Fv2%2Fcomments&post=211"}],"version-history":[{"count":22,"href":"https:\/\/regens.com.br\/index.php?rest_route=\/wp\/v2\/pages\/211\/revisions"}],"predecessor-version":[{"id":294,"href":"https:\/\/regens.com.br\/index.php?rest_route=\/wp\/v2\/pages\/211\/revisions\/294"}],"wp:attachment":[{"href":"https:\/\/regens.com.br\/index.php?rest_route=%2Fwp%2Fv2%2Fmedia&parent=211"}],"curies":[{"name":"wp","href":"https:\/\/api.w.org\/{rel}","templated":true}]}}